{"id":1565,"date":"2021-11-14T01:43:47","date_gmt":"2021-11-14T01:43:47","guid":{"rendered":"https:\/\/arquimunozyaranda.com\/proyectos\/"},"modified":"2023-10-11T09:12:18","modified_gmt":"2023-10-11T09:12:18","slug":"projectes","status":"publish","type":"page","link":"https:\/\/arquimunozyaranda.com\/ca\/projectes\/","title":{"rendered":"PROJECTES"},"content":{"rendered":"[vc_row type=&#8221;full_width_content&#8221; full_screen_row_position=&#8221;middle&#8221; column_margin=&#8221;default&#8221; column_direction=&#8221;default&#8221; column_direction_tablet=&#8221;default&#8221; column_direction_phone=&#8221;default&#8221; scene_position=&#8221;center&#8221; top_padding=&#8221;1&#8243; left_padding_desktop=&#8221;25&#8243; constrain_group_2=&#8221;yes&#8221; right_padding_desktop=&#8221;25&#8243; constrain_group_8=&#8221;yes&#8221; text_color=&#8221;dark&#8221; text_align=&#8221;center&#8221; row_border_radius=&#8221;none&#8221; row_border_radius_applies=&#8221;bg&#8221; overflow=&#8221;visible&#8221; advanced_gradient_angle=&#8221;0&#8243; overlay_strength=&#8221;0.3&#8243; gradient_direction=&#8221;left_to_right&#8221; shape_divider_position=&#8221;bottom&#8221; bg_image_animation=&#8221;none&#8221; shape_type=&#8221;&#8221; gradient_type=&#8221;default&#8221;][vc_column column_padding=&#8221;no-extra-padding&#8221; column_padding_tablet=&#8221;inherit&#8221; column_padding_phone=&#8221;inherit&#8221; column_padding_position=&#8221;all&#8221; column_element_direction_desktop=&#8221;default&#8221; column_element_spacing=&#8221;default&#8221; desktop_text_alignment=&#8221;default&#8221; tablet_text_alignment=&#8221;default&#8221; phone_text_alignment=&#8221;default&#8221; background_color_opacity=&#8221;1&#8243; background_hover_color_opacity=&#8221;1&#8243; column_backdrop_filter=&#8221;none&#8221; column_shadow=&#8221;none&#8221; column_border_radius=&#8221;none&#8221; column_link_target=&#8221;_self&#8221; column_position=&#8221;default&#8221; advanced_gradient_angle=&#8221;0&#8243; gradient_direction=&#8221;left_to_right&#8221; overlay_strength=&#8221;0.3&#8243; width=&#8221;1\/1&#8243; tablet_width_inherit=&#8221;default&#8221; animation_type=&#8221;default&#8221; bg_image_animation=&#8221;none&#8221; border_type=&#8221;simple&#8221; column_border_width=&#8221;none&#8221; column_border_style=&#8221;solid&#8221; gradient_type=&#8221;default&#8221;]\t\t\t\t<div class=\"portfolio-filters-inline full-width-section non-fw\" data-alignment=\"center\" data-color-scheme=\"default\">\n\t\t\t\t\t<div class=\"container \">\n\t\t\t\t\t\t\t\t\t\t\t\t<ul>\n\t\t\t\t\t\t\t\t\t\t\t\t\t\t\t<li><a href=\"#\" data-filter=\"*\">All<\/a><\/li>\n\t\t\t\t\t\t\t\t<li><a href=\"#\" data-filter=\".administrativo-ca\">ADMINISTRATIVO<\/a><\/li>\n<li><a href=\"#\" data-filter=\".hospitalario-ca\">HOSPITALARIO<\/a><\/li>\n<li><a href=\"#\" data-filter=\".hotelero-ca\">HOTELERO<\/a><\/li>\n<li><a href=\"#\" data-filter=\".ocio-ca\">OCIO<\/a><\/li>\n<li><a href=\"#\" data-filter=\".otros-ca\">OTROS<\/a><\/li>\n<li><a href=\"#\" data-filter=\".sociosanitario-ca\">SOCIOSANITARIO<\/a><\/li>\n\t\t\t\t\t\t\t<\/ul>\n\t\t\t\t\t\t\t<div class=\"clear\"><\/div>\n\t\t\t\t\t\t<\/div>\n\t\t\t\t\t<\/div>\n\t\t\t\t\t\t\t\t\n\t\t\t\t\n\t\t\t\t\n\t\t\t\t<div class=\"portfolio-wrap \">\n\t\t\t\t\t\n\t\t\t\t\t\t\t\t\t\t\n\t\t\t\t\t<span class=\"portfolio-loading  none\">   <\/span>\n\t\t\t\t\t\n\t\t\t\t\t\t\t\t\t\t\n\t\t\t\t\t<div class=\"row portfolio-items masonry-items  infinite_scroll \" data-rcp=\"false\" data-masonry-type=\"default\" data-ps=\"2\" data-starting-filter=\"default\" data-gutter=\"10px\" data-categories-to-show=\"\" data-bypass-cropping=\"\" data-lightbox-only=\"0\" data-col-num=\"cols-3\">\n\t\t\t\t\t\t\t\t\t\t\t\t\n\t\t\t\t\t\t\t\t\t\t\t\t\n\t\t\t\t\t\t<div class=\"col span_4 regular element hotelero-ca \"  data-project-cat=\"hotelero-ca \" data-default-color=\"true\" data-title-color=\"\" data-subtitle-color=\"\">\n\t\t\t\t\t\t\t\n\t\t\t\t\t\t\t<div class=\"inner-wrap animated\" data-animation=\"fade_in\">\n\t\t\t\t\t\t\t\t\n\t\t\t\t\t\t\t\t\t\t\t\t\t\t\t\t\t\n\t\t\t\t\t\t\t\t\t<div class=\"work-item style-2\" data-custom-content=\"off\">\n\t\t\t\t\t\t\t\t\t\t\n\t\t\t\t\t\t\t\t\t\t<img loading=\"lazy\" decoding=\"async\" class=\"size-regular skip-lazy\" src=\"https:\/\/arquimunozyaranda.com\/wp-content\/uploads\/2023\/10\/HC_01-500x500.jpg\" alt=\"\" height=\"500\" width=\"500\" srcset=\"https:\/\/arquimunozyaranda.com\/wp-content\/uploads\/2023\/10\/HC_01-900x604.jpg 900w, https:\/\/arquimunozyaranda.com\/wp-content\/uploads\/2023\/10\/HC_01-600x403.jpg 600w, https:\/\/arquimunozyaranda.com\/wp-content\/uploads\/2023\/10\/HC_01-400x269.jpg 400w\" sizes=\"auto, (min-width: 1000px) 33.3vw, (min-width: 690px) 50vw, 100vw\" \/>\t\t\t\t\t\t\t\t\t\t\n\t\t\t\t\t\t\t\t\t\t<div class=\"work-info-bg\"><\/div>\n\t\t\t\t\t\t\t\t\t\t<div class=\"work-info\">\n\t\t\t\t\t\t\t\t\t\t\t\n\t\t\t\t\t\t\t\t\t\t\t\t\t\t\t\t\t\t\t\t\t\t\t\n\t\t\t\t\t\t\t\t\t\t\t\t\n\t\t\t\t\t\t\t\t\t\t\t\t\t\t\t\t\t\t\t\t\t\t\t\t\t\n\t\t\t\t\t\t\t\t\t\t\t\t\t<a href=\"https:\/\/arquimunozyaranda.com\/ca\/project\/allsun-hotel-cormoran\/\"><\/a>\n\t\t\t\t\t\t\t\t\t\t\t\t\t\n\t\t\t\t\t\t\t\t\t\t\t\t\t\t\t\t\t\t\t\t\t\t\t\n\t\t\t\t\t\t\t\t\t\t\t\n\t\t\t\t\t\t\t\t\t\t\t<div class=\"vert-center\">\n\t\t\t\t\t\t\t\t\t\t\t\t\t\n\t\t\t\t\t\t\t\t\t\t\t\t\t<h3>Allsun Hotel Cormor\u00e1n<\/h3> \n\t\t\t\t\t\t\t\t\t\t\t\t\t\t\t\t\t\t\t\t\t\t\t\t<\/div><!--\/vert-center-->\n\t\t\t\t\t\t\t\t\t\t\t\n\t\t\t\t\t\t\t\t\t\t<\/div>\n\t\t\t\t\t\t\t\t\t<\/div><!--work-item-->\n\t\t\t\t\t\t\t\t\t\n\t\t\t\t\t\t\t\t\t\t\t\t\t\t\t\t\n\t\t\t\t\t\t\t\t\n\t\t\t\t\t\t\t<\/div><!--\/inner-wrap-->\n\t\t\t\t\t\t<\/div><!--\/col-->\n\t\t\t\t\t\t\n\t\t\t\t\t\t\t\t\t\t\t\n\t\t\t\t\t\t\t\t\t\t\t\t\n\t\t\t\t\t\t<div class=\"col span_4 regular element hotelero-ca \"  data-project-cat=\"hotelero-ca \" data-default-color=\"true\" data-title-color=\"\" data-subtitle-color=\"\">\n\t\t\t\t\t\t\t\n\t\t\t\t\t\t\t<div class=\"inner-wrap animated\" data-animation=\"fade_in\">\n\t\t\t\t\t\t\t\t\n\t\t\t\t\t\t\t\t\t\t\t\t\t\t\t\t\t\n\t\t\t\t\t\t\t\t\t<div class=\"work-item style-2\" data-custom-content=\"off\">\n\t\t\t\t\t\t\t\t\t\t\n\t\t\t\t\t\t\t\t\t\t<img loading=\"lazy\" decoding=\"async\" class=\"size-regular skip-lazy\" src=\"https:\/\/arquimunozyaranda.com\/wp-content\/uploads\/2023\/10\/HBP_13-500x500.jpg\" alt=\"\" height=\"500\" width=\"500\" srcset=\"https:\/\/arquimunozyaranda.com\/wp-content\/uploads\/2023\/10\/HBP_13-900x604.jpg 900w, https:\/\/arquimunozyaranda.com\/wp-content\/uploads\/2023\/10\/HBP_13-600x403.jpg 600w, https:\/\/arquimunozyaranda.com\/wp-content\/uploads\/2023\/10\/HBP_13-400x269.jpg 400w\" sizes=\"auto, (min-width: 1000px) 33.3vw, (min-width: 690px) 50vw, 100vw\" \/>\t\t\t\t\t\t\t\t\t\t\n\t\t\t\t\t\t\t\t\t\t<div class=\"work-info-bg\"><\/div>\n\t\t\t\t\t\t\t\t\t\t<div class=\"work-info\">\n\t\t\t\t\t\t\t\t\t\t\t\n\t\t\t\t\t\t\t\t\t\t\t\t\t\t\t\t\t\t\t\t\t\t\t\n\t\t\t\t\t\t\t\t\t\t\t\t\n\t\t\t\t\t\t\t\t\t\t\t\t\t\t\t\t\t\t\t\t\t\t\t\t\t\n\t\t\t\t\t\t\t\t\t\t\t\t\t<a href=\"https:\/\/arquimunozyaranda.com\/ca\/project\/allsun-hotel-bella-paguera\/\"><\/a>\n\t\t\t\t\t\t\t\t\t\t\t\t\t\n\t\t\t\t\t\t\t\t\t\t\t\t\t\t\t\t\t\t\t\t\t\t\t\n\t\t\t\t\t\t\t\t\t\t\t\n\t\t\t\t\t\t\t\t\t\t\t<div class=\"vert-center\">\n\t\t\t\t\t\t\t\t\t\t\t\t\t\n\t\t\t\t\t\t\t\t\t\t\t\t\t<h3>Allsun Hotel Bella Paguera<\/h3> \n\t\t\t\t\t\t\t\t\t\t\t\t\t\t\t\t\t\t\t\t\t\t\t\t<\/div><!--\/vert-center-->\n\t\t\t\t\t\t\t\t\t\t\t\n\t\t\t\t\t\t\t\t\t\t<\/div>\n\t\t\t\t\t\t\t\t\t<\/div><!--work-item-->\n\t\t\t\t\t\t\t\t\t\n\t\t\t\t\t\t\t\t\t\t\t\t\t\t\t\t\n\t\t\t\t\t\t\t\t\n\t\t\t\t\t\t\t<\/div><!--\/inner-wrap-->\n\t\t\t\t\t\t<\/div><!--\/col-->\n\t\t\t\t\t\t\n\t\t\t\t\t\t\t\t\t\t\t\n\t\t\t\t\t\t\t\t\t\t\t\t\n\t\t\t\t\t\t<div class=\"col span_4 regular element hotelero-ca \"  data-project-cat=\"hotelero-ca \" data-default-color=\"true\" data-title-color=\"\" data-subtitle-color=\"\">\n\t\t\t\t\t\t\t\n\t\t\t\t\t\t\t<div class=\"inner-wrap animated\" data-animation=\"fade_in\">\n\t\t\t\t\t\t\t\t\n\t\t\t\t\t\t\t\t\t\t\t\t\t\t\t\t\t\n\t\t\t\t\t\t\t\t\t<div class=\"work-item style-2\" data-custom-content=\"off\">\n\t\t\t\t\t\t\t\t\t\t\n\t\t\t\t\t\t\t\t\t\t<img loading=\"lazy\" decoding=\"async\" class=\"size-regular skip-lazy\" src=\"https:\/\/arquimunozyaranda.com\/wp-content\/uploads\/2023\/10\/HBF_02-500x500.jpg\" alt=\"\" height=\"500\" width=\"500\" srcset=\"https:\/\/arquimunozyaranda.com\/wp-content\/uploads\/2023\/10\/HBF_02-900x604.jpg 900w, https:\/\/arquimunozyaranda.com\/wp-content\/uploads\/2023\/10\/HBF_02-600x403.jpg 600w, https:\/\/arquimunozyaranda.com\/wp-content\/uploads\/2023\/10\/HBF_02-400x269.jpg 400w\" sizes=\"auto, (min-width: 1000px) 33.3vw, (min-width: 690px) 50vw, 100vw\" \/>\t\t\t\t\t\t\t\t\t\t\n\t\t\t\t\t\t\t\t\t\t<div class=\"work-info-bg\"><\/div>\n\t\t\t\t\t\t\t\t\t\t<div class=\"work-info\">\n\t\t\t\t\t\t\t\t\t\t\t\n\t\t\t\t\t\t\t\t\t\t\t\t\t\t\t\t\t\t\t\t\t\t\t\n\t\t\t\t\t\t\t\t\t\t\t\t\n\t\t\t\t\t\t\t\t\t\t\t\t\t\t\t\t\t\t\t\t\t\t\t\t\t\n\t\t\t\t\t\t\t\t\t\t\t\t\t<a href=\"https:\/\/arquimunozyaranda.com\/ca\/project\/allsun-hotel-barlovento\/\"><\/a>\n\t\t\t\t\t\t\t\t\t\t\t\t\t\n\t\t\t\t\t\t\t\t\t\t\t\t\t\t\t\t\t\t\t\t\t\t\t\n\t\t\t\t\t\t\t\t\t\t\t\n\t\t\t\t\t\t\t\t\t\t\t<div class=\"vert-center\">\n\t\t\t\t\t\t\t\t\t\t\t\t\t\n\t\t\t\t\t\t\t\t\t\t\t\t\t<h3>Allsun Hotel Barlovento<\/h3> \n\t\t\t\t\t\t\t\t\t\t\t\t\t\t\t\t\t\t\t\t\t\t\t\t<\/div><!--\/vert-center-->\n\t\t\t\t\t\t\t\t\t\t\t\n\t\t\t\t\t\t\t\t\t\t<\/div>\n\t\t\t\t\t\t\t\t\t<\/div><!--work-item-->\n\t\t\t\t\t\t\t\t\t\n\t\t\t\t\t\t\t\t\t\t\t\t\t\t\t\t\n\t\t\t\t\t\t\t\t\n\t\t\t\t\t\t\t<\/div><!--\/inner-wrap-->\n\t\t\t\t\t\t<\/div><!--\/col-->\n\t\t\t\t\t\t\n\t\t\t\t\t\t\t\t\t\t\t\n\t\t\t\t\t\t\t\t\t\t\t\t\n\t\t\t\t\t\t<div class=\"col span_4 regular element hospitalario-ca \"  data-project-cat=\"hospitalario-ca \" data-default-color=\"true\" data-title-color=\"\" data-subtitle-color=\"\">\n\t\t\t\t\t\t\t\n\t\t\t\t\t\t\t<div class=\"inner-wrap animated\" data-animation=\"fade_in\">\n\t\t\t\t\t\t\t\t\n\t\t\t\t\t\t\t\t\t\t\t\t\t\t\t\t\t\n\t\t\t\t\t\t\t\t\t<div class=\"work-item style-2\" data-custom-content=\"off\">\n\t\t\t\t\t\t\t\t\t\t\n\t\t\t\t\t\t\t\t\t\t<img loading=\"lazy\" decoding=\"async\" class=\"size-regular skip-lazy\" src=\"https:\/\/arquimunozyaranda.com\/wp-content\/uploads\/2023\/10\/SJDRad_01-500x500.jpg\" alt=\"\" height=\"500\" width=\"500\" srcset=\"https:\/\/arquimunozyaranda.com\/wp-content\/uploads\/2023\/10\/SJDRad_01-900x604.jpg 900w, https:\/\/arquimunozyaranda.com\/wp-content\/uploads\/2023\/10\/SJDRad_01-600x403.jpg 600w, https:\/\/arquimunozyaranda.com\/wp-content\/uploads\/2023\/10\/SJDRad_01-400x269.jpg 400w\" sizes=\"auto, (min-width: 1000px) 33.3vw, (min-width: 690px) 50vw, 100vw\" \/>\t\t\t\t\t\t\t\t\t\t\n\t\t\t\t\t\t\t\t\t\t<div class=\"work-info-bg\"><\/div>\n\t\t\t\t\t\t\t\t\t\t<div class=\"work-info\">\n\t\t\t\t\t\t\t\t\t\t\t\n\t\t\t\t\t\t\t\t\t\t\t\t\t\t\t\t\t\t\t\t\t\t\t\n\t\t\t\t\t\t\t\t\t\t\t\t\n\t\t\t\t\t\t\t\t\t\t\t\t\t\t\t\t\t\t\t\t\t\t\t\t\t\n\t\t\t\t\t\t\t\t\t\t\t\t\t<a href=\"https:\/\/arquimunozyaranda.com\/ca\/project\/zona-de-radiologia-del-hospital-san-juan-de-dios-palma\/\"><\/a>\n\t\t\t\t\t\t\t\t\t\t\t\t\t\n\t\t\t\t\t\t\t\t\t\t\t\t\t\t\t\t\t\t\t\t\t\t\t\n\t\t\t\t\t\t\t\t\t\t\t\n\t\t\t\t\t\t\t\t\t\t\t<div class=\"vert-center\">\n\t\t\t\t\t\t\t\t\t\t\t\t\t\n\t\t\t\t\t\t\t\t\t\t\t\t\t<h3>Zona de Radiolog\u00eda del Hospital Sant Joan de D\u00e9u Palma<\/h3> \n\t\t\t\t\t\t\t\t\t\t\t\t\t\t\t\t\t\t\t\t\t\t\t\t<\/div><!--\/vert-center-->\n\t\t\t\t\t\t\t\t\t\t\t\n\t\t\t\t\t\t\t\t\t\t<\/div>\n\t\t\t\t\t\t\t\t\t<\/div><!--work-item-->\n\t\t\t\t\t\t\t\t\t\n\t\t\t\t\t\t\t\t\t\t\t\t\t\t\t\t\n\t\t\t\t\t\t\t\t\n\t\t\t\t\t\t\t<\/div><!--\/inner-wrap-->\n\t\t\t\t\t\t<\/div><!--\/col-->\n\t\t\t\t\t\t\n\t\t\t\t\t\t\t\t\t\t\t\n\t\t\t\t\t\t\t\t\t\t\t\t\n\t\t\t\t\t\t<div class=\"col span_4 regular element hospitalario-ca \"  data-project-cat=\"hospitalario-ca \" data-default-color=\"true\" data-title-color=\"\" data-subtitle-color=\"\">\n\t\t\t\t\t\t\t\n\t\t\t\t\t\t\t<div class=\"inner-wrap animated\" data-animation=\"fade_in\">\n\t\t\t\t\t\t\t\t\n\t\t\t\t\t\t\t\t\t\t\t\t\t\t\t\t\t\n\t\t\t\t\t\t\t\t\t<div class=\"work-item style-2\" data-custom-content=\"off\">\n\t\t\t\t\t\t\t\t\t\t\n\t\t\t\t\t\t\t\t\t\t<img loading=\"lazy\" decoding=\"async\" class=\"size-regular skip-lazy\" src=\"https:\/\/arquimunozyaranda.com\/wp-content\/uploads\/2023\/10\/NUR01-500x500.jpg\" alt=\"\" height=\"500\" width=\"500\" srcset=\"https:\/\/arquimunozyaranda.com\/wp-content\/uploads\/2023\/10\/NUR01-900x604.jpg 900w, https:\/\/arquimunozyaranda.com\/wp-content\/uploads\/2023\/10\/NUR01-600x403.jpg 600w, https:\/\/arquimunozyaranda.com\/wp-content\/uploads\/2023\/10\/NUR01-400x269.jpg 400w\" sizes=\"auto, (min-width: 1000px) 33.3vw, (min-width: 690px) 50vw, 100vw\" \/>\t\t\t\t\t\t\t\t\t\t\n\t\t\t\t\t\t\t\t\t\t<div class=\"work-info-bg\"><\/div>\n\t\t\t\t\t\t\t\t\t\t<div class=\"work-info\">\n\t\t\t\t\t\t\t\t\t\t\t\n\t\t\t\t\t\t\t\t\t\t\t\t\t\t\t\t\t\t\t\t\t\t\t\n\t\t\t\t\t\t\t\t\t\t\t\t\n\t\t\t\t\t\t\t\t\t\t\t\t\t\t\t\t\t\t\t\t\t\t\t\t\t\n\t\t\t\t\t\t\t\t\t\t\t\t\t<a href=\"https:\/\/arquimunozyaranda.com\/ca\/project\/centro-de-rehabilitacion-san-juan-de-dios-nuredunna\/\"><\/a>\n\t\t\t\t\t\t\t\t\t\t\t\t\t\n\t\t\t\t\t\t\t\t\t\t\t\t\t\t\t\t\t\t\t\t\t\t\t\n\t\t\t\t\t\t\t\t\t\t\t\n\t\t\t\t\t\t\t\t\t\t\t<div class=\"vert-center\">\n\t\t\t\t\t\t\t\t\t\t\t\t\t\n\t\t\t\t\t\t\t\t\t\t\t\t\t<h3>Centro de rehabilitaci\u00f3n Sant Joan de D\u00e9u Nuredunna<\/h3> \n\t\t\t\t\t\t\t\t\t\t\t\t\t\t\t\t\t\t\t\t\t\t\t\t<\/div><!--\/vert-center-->\n\t\t\t\t\t\t\t\t\t\t\t\n\t\t\t\t\t\t\t\t\t\t<\/div>\n\t\t\t\t\t\t\t\t\t<\/div><!--work-item-->\n\t\t\t\t\t\t\t\t\t\n\t\t\t\t\t\t\t\t\t\t\t\t\t\t\t\t\n\t\t\t\t\t\t\t\t\n\t\t\t\t\t\t\t<\/div><!--\/inner-wrap-->\n\t\t\t\t\t\t<\/div><!--\/col-->\n\t\t\t\t\t\t\n\t\t\t\t\t\t\t\t\t\t\t\n\t\t\t\t\t\t\t\t\t\t\t\t\n\t\t\t\t\t\t<div class=\"col span_4 regular element hospitalario-ca \"  data-project-cat=\"hospitalario-ca \" data-default-color=\"true\" data-title-color=\"\" data-subtitle-color=\"\">\n\t\t\t\t\t\t\t\n\t\t\t\t\t\t\t<div class=\"inner-wrap animated\" data-animation=\"fade_in\">\n\t\t\t\t\t\t\t\t\n\t\t\t\t\t\t\t\t\t\t\t\t\t\t\t\t\t\n\t\t\t\t\t\t\t\t\t<div class=\"work-item style-2\" data-custom-content=\"off\">\n\t\t\t\t\t\t\t\t\t\t\n\t\t\t\t\t\t\t\t\t\t<img loading=\"lazy\" decoding=\"async\" class=\"size-regular skip-lazy\" src=\"https:\/\/arquimunozyaranda.com\/wp-content\/uploads\/2023\/10\/SJD2_01-500x500.jpg\" alt=\"\" height=\"500\" width=\"500\" srcset=\"https:\/\/arquimunozyaranda.com\/wp-content\/uploads\/2023\/10\/SJD2_01-900x604.jpg 900w, https:\/\/arquimunozyaranda.com\/wp-content\/uploads\/2023\/10\/SJD2_01-600x403.jpg 600w, https:\/\/arquimunozyaranda.com\/wp-content\/uploads\/2023\/10\/SJD2_01-400x269.jpg 400w\" sizes=\"auto, (min-width: 1000px) 33.3vw, (min-width: 690px) 50vw, 100vw\" \/>\t\t\t\t\t\t\t\t\t\t\n\t\t\t\t\t\t\t\t\t\t<div class=\"work-info-bg\"><\/div>\n\t\t\t\t\t\t\t\t\t\t<div class=\"work-info\">\n\t\t\t\t\t\t\t\t\t\t\t\n\t\t\t\t\t\t\t\t\t\t\t\t\t\t\t\t\t\t\t\t\t\t\t\n\t\t\t\t\t\t\t\t\t\t\t\t\n\t\t\t\t\t\t\t\t\t\t\t\t\t\t\t\t\t\t\t\t\t\t\t\t\t\n\t\t\t\t\t\t\t\t\t\t\t\t\t<a href=\"https:\/\/arquimunozyaranda.com\/ca\/project\/hospital-san-juan-de-dios-palma-fase-2\/\"><\/a>\n\t\t\t\t\t\t\t\t\t\t\t\t\t\n\t\t\t\t\t\t\t\t\t\t\t\t\t\t\t\t\t\t\t\t\t\t\t\n\t\t\t\t\t\t\t\t\t\t\t\n\t\t\t\t\t\t\t\t\t\t\t<div class=\"vert-center\">\n\t\t\t\t\t\t\t\t\t\t\t\t\t\n\t\t\t\t\t\t\t\t\t\t\t\t\t<h3>Hospital Sant Joan de D\u00e9u Palma. Fase 2<\/h3> \n\t\t\t\t\t\t\t\t\t\t\t\t\t\t\t\t\t\t\t\t\t\t\t\t<\/div><!--\/vert-center-->\n\t\t\t\t\t\t\t\t\t\t\t\n\t\t\t\t\t\t\t\t\t\t<\/div>\n\t\t\t\t\t\t\t\t\t<\/div><!--work-item-->\n\t\t\t\t\t\t\t\t\t\n\t\t\t\t\t\t\t\t\t\t\t\t\t\t\t\t\n\t\t\t\t\t\t\t\t\n\t\t\t\t\t\t\t<\/div><!--\/inner-wrap-->\n\t\t\t\t\t\t<\/div><!--\/col-->\n\t\t\t\t\t\t\n\t\t\t\t\t\t\t\t\t\t\t\n\t\t\t\t\t\t\t\t\t\t\t\t\n\t\t\t\t\t\t<div class=\"col span_4 regular element hospitalario-ca \"  data-project-cat=\"hospitalario-ca \" data-default-color=\"true\" data-title-color=\"\" data-subtitle-color=\"\">\n\t\t\t\t\t\t\t\n\t\t\t\t\t\t\t<div class=\"inner-wrap animated\" data-animation=\"fade_in\">\n\t\t\t\t\t\t\t\t\n\t\t\t\t\t\t\t\t\t\t\t\t\t\t\t\t\t\n\t\t\t\t\t\t\t\t\t<div class=\"work-item style-2\" data-custom-content=\"off\">\n\t\t\t\t\t\t\t\t\t\t\n\t\t\t\t\t\t\t\t\t\t<img loading=\"lazy\" decoding=\"async\" class=\"size-regular skip-lazy\" src=\"https:\/\/arquimunozyaranda.com\/wp-content\/uploads\/2023\/10\/SJD1-01-500x500.jpg\" alt=\"\" height=\"500\" width=\"500\" srcset=\"https:\/\/arquimunozyaranda.com\/wp-content\/uploads\/2023\/10\/SJD1-01-900x604.jpg 900w, https:\/\/arquimunozyaranda.com\/wp-content\/uploads\/2023\/10\/SJD1-01-600x403.jpg 600w, https:\/\/arquimunozyaranda.com\/wp-content\/uploads\/2023\/10\/SJD1-01-400x269.jpg 400w\" sizes=\"auto, (min-width: 1000px) 33.3vw, (min-width: 690px) 50vw, 100vw\" \/>\t\t\t\t\t\t\t\t\t\t\n\t\t\t\t\t\t\t\t\t\t<div class=\"work-info-bg\"><\/div>\n\t\t\t\t\t\t\t\t\t\t<div class=\"work-info\">\n\t\t\t\t\t\t\t\t\t\t\t\n\t\t\t\t\t\t\t\t\t\t\t\t\t\t\t\t\t\t\t\t\t\t\t\n\t\t\t\t\t\t\t\t\t\t\t\t\n\t\t\t\t\t\t\t\t\t\t\t\t\t\t\t\t\t\t\t\t\t\t\t\t\t\n\t\t\t\t\t\t\t\t\t\t\t\t\t<a href=\"https:\/\/arquimunozyaranda.com\/ca\/project\/hospital-san-juan-de-dios-palma-fase-1\/\"><\/a>\n\t\t\t\t\t\t\t\t\t\t\t\t\t\n\t\t\t\t\t\t\t\t\t\t\t\t\t\t\t\t\t\t\t\t\t\t\t\n\t\t\t\t\t\t\t\t\t\t\t\n\t\t\t\t\t\t\t\t\t\t\t<div class=\"vert-center\">\n\t\t\t\t\t\t\t\t\t\t\t\t\t\n\t\t\t\t\t\t\t\t\t\t\t\t\t<h3>Hospital Sant Joan de D\u00e9u Palma. Fase 1<\/h3> \n\t\t\t\t\t\t\t\t\t\t\t\t\t\t\t\t\t\t\t\t\t\t\t\t<\/div><!--\/vert-center-->\n\t\t\t\t\t\t\t\t\t\t\t\n\t\t\t\t\t\t\t\t\t\t<\/div>\n\t\t\t\t\t\t\t\t\t<\/div><!--work-item-->\n\t\t\t\t\t\t\t\t\t\n\t\t\t\t\t\t\t\t\t\t\t\t\t\t\t\t\n\t\t\t\t\t\t\t\t\n\t\t\t\t\t\t\t<\/div><!--\/inner-wrap-->\n\t\t\t\t\t\t<\/div><!--\/col-->\n\t\t\t\t\t\t\n\t\t\t\t\t\t\t\t\t\t\t\n\t\t\t\t\t\t\t\t\t\t\t\t\n\t\t\t\t\t\t<div class=\"col span_4 regular element hospitalario-ca \"  data-project-cat=\"hospitalario-ca \" data-default-color=\"true\" data-title-color=\"\" data-subtitle-color=\"\">\n\t\t\t\t\t\t\t\n\t\t\t\t\t\t\t<div class=\"inner-wrap animated\" data-animation=\"fade_in\">\n\t\t\t\t\t\t\t\t\n\t\t\t\t\t\t\t\t\t\t\t\t\t\t\t\t\t\n\t\t\t\t\t\t\t\t\t<div class=\"work-item style-2\" data-custom-content=\"off\">\n\t\t\t\t\t\t\t\t\t\t\n\t\t\t\t\t\t\t\t\t\t<img loading=\"lazy\" decoding=\"async\" class=\"size-regular skip-lazy\" src=\"https:\/\/arquimunozyaranda.com\/wp-content\/uploads\/2023\/10\/SJDI_01-500x500.jpg\" alt=\"\" height=\"500\" width=\"500\" srcset=\"https:\/\/arquimunozyaranda.com\/wp-content\/uploads\/2023\/10\/SJDI_01-900x604.jpg 900w, https:\/\/arquimunozyaranda.com\/wp-content\/uploads\/2023\/10\/SJDI_01-600x403.jpg 600w, https:\/\/arquimunozyaranda.com\/wp-content\/uploads\/2023\/10\/SJDI_01-400x269.jpg 400w\" sizes=\"auto, (min-width: 1000px) 33.3vw, (min-width: 690px) 50vw, 100vw\" \/>\t\t\t\t\t\t\t\t\t\t\n\t\t\t\t\t\t\t\t\t\t<div class=\"work-info-bg\"><\/div>\n\t\t\t\t\t\t\t\t\t\t<div class=\"work-info\">\n\t\t\t\t\t\t\t\t\t\t\t\n\t\t\t\t\t\t\t\t\t\t\t\t\t\t\t\t\t\t\t\t\t\t\t\n\t\t\t\t\t\t\t\t\t\t\t\t\n\t\t\t\t\t\t\t\t\t\t\t\t\t\t\t\t\t\t\t\t\t\t\t\t\t\n\t\t\t\t\t\t\t\t\t\t\t\t\t<a href=\"https:\/\/arquimunozyaranda.com\/ca\/project\/hospital-san-juan-de-dios-inca\/\"><\/a>\n\t\t\t\t\t\t\t\t\t\t\t\t\t\n\t\t\t\t\t\t\t\t\t\t\t\t\t\t\t\t\t\t\t\t\t\t\t\n\t\t\t\t\t\t\t\t\t\t\t\n\t\t\t\t\t\t\t\t\t\t\t<div class=\"vert-center\">\n\t\t\t\t\t\t\t\t\t\t\t\t\t\n\t\t\t\t\t\t\t\t\t\t\t\t\t<h3>Hospital Sant Joan de D\u00e9u Inca<\/h3> \n\t\t\t\t\t\t\t\t\t\t\t\t\t\t\t\t\t\t\t\t\t\t\t\t<\/div><!--\/vert-center-->\n\t\t\t\t\t\t\t\t\t\t\t\n\t\t\t\t\t\t\t\t\t\t<\/div>\n\t\t\t\t\t\t\t\t\t<\/div><!--work-item-->\n\t\t\t\t\t\t\t\t\t\n\t\t\t\t\t\t\t\t\t\t\t\t\t\t\t\t\n\t\t\t\t\t\t\t\t\n\t\t\t\t\t\t\t<\/div><!--\/inner-wrap-->\n\t\t\t\t\t\t<\/div><!--\/col-->\n\t\t\t\t\t\t\n\t\t\t\t\t\t\t\t\t\t\t\n\t\t\t\t\t\t\t\t\t\t\t\t\n\t\t\t\t\t\t<div class=\"col span_4 regular element hospitalario-ca \"  data-project-cat=\"hospitalario-ca \" data-default-color=\"true\" data-title-color=\"\" data-subtitle-color=\"\">\n\t\t\t\t\t\t\t\n\t\t\t\t\t\t\t<div class=\"inner-wrap animated\" data-animation=\"fade_in\">\n\t\t\t\t\t\t\t\t\n\t\t\t\t\t\t\t\t\t\t\t\t\t\t\t\t\t\n\t\t\t\t\t\t\t\t\t<div class=\"work-item style-2\" data-custom-content=\"off\">\n\t\t\t\t\t\t\t\t\t\t\n\t\t\t\t\t\t\t\t\t\t<img loading=\"lazy\" decoding=\"async\" class=\"size-regular skip-lazy\" src=\"https:\/\/arquimunozyaranda.com\/wp-content\/uploads\/2023\/05\/HG-01-500x500.jpg\" alt=\"\" height=\"500\" width=\"500\" srcset=\"https:\/\/arquimunozyaranda.com\/wp-content\/uploads\/2023\/05\/HG-01-900x604.jpg 900w, https:\/\/arquimunozyaranda.com\/wp-content\/uploads\/2023\/05\/HG-01-600x403.jpg 600w, https:\/\/arquimunozyaranda.com\/wp-content\/uploads\/2023\/05\/HG-01-400x269.jpg 400w\" sizes=\"auto, (min-width: 1000px) 33.3vw, (min-width: 690px) 50vw, 100vw\" \/>\t\t\t\t\t\t\t\t\t\t\n\t\t\t\t\t\t\t\t\t\t<div class=\"work-info-bg\"><\/div>\n\t\t\t\t\t\t\t\t\t\t<div class=\"work-info\">\n\t\t\t\t\t\t\t\t\t\t\t\n\t\t\t\t\t\t\t\t\t\t\t\t\t\t\t\t\t\t\t\t\t\t\t\n\t\t\t\t\t\t\t\t\t\t\t\t\n\t\t\t\t\t\t\t\t\t\t\t\t\t\t\t\t\t\t\t\t\t\t\t\t\t\n\t\t\t\t\t\t\t\t\t\t\t\t\t<a href=\"https:\/\/arquimunozyaranda.com\/ca\/project\/rehabilitacion-hospital-general\/\"><\/a>\n\t\t\t\t\t\t\t\t\t\t\t\t\t\n\t\t\t\t\t\t\t\t\t\t\t\t\t\t\t\t\t\t\t\t\t\t\t\n\t\t\t\t\t\t\t\t\t\t\t\n\t\t\t\t\t\t\t\t\t\t\t<div class=\"vert-center\">\n\t\t\t\t\t\t\t\t\t\t\t\t\t\n\t\t\t\t\t\t\t\t\t\t\t\t\t<h3>Rehabilitaci\u00f3n Hospital General<\/h3> \n\t\t\t\t\t\t\t\t\t\t\t\t\t\t\t\t\t\t\t\t\t\t\t\t<\/div><!--\/vert-center-->\n\t\t\t\t\t\t\t\t\t\t\t\n\t\t\t\t\t\t\t\t\t\t<\/div>\n\t\t\t\t\t\t\t\t\t<\/div><!--work-item-->\n\t\t\t\t\t\t\t\t\t\n\t\t\t\t\t\t\t\t\t\t\t\t\t\t\t\t\n\t\t\t\t\t\t\t\t\n\t\t\t\t\t\t\t<\/div><!--\/inner-wrap-->\n\t\t\t\t\t\t<\/div><!--\/col-->\n\t\t\t\t\t\t\n\t\t\t\t\t\t\t\t\t\t\n\t\t\t\t<\/div><!--\/portfolio-->\n\t\t\t<\/div><!--\/portfolio wrap-->\n\t\t\t\n\t\t\t[\/vc_column][\/vc_row]\n","protected":false},"excerpt":{"rendered":"<p>[vc_row type=&#8221;full_width_content&#8221; full_screen_row_position=&#8221;middle&#8221; column_margin=&#8221;default&#8221; column_direction=&#8221;default&#8221; column_direction_tablet=&#8221;default&#8221; column_direction_phone=&#8221;default&#8221; scene_position=&#8221;center&#8221; top_padding=&#8221;1&#8243; left_padding_desktop=&#8221;25&#8243; constrain_group_2=&#8221;yes&#8221; right_padding_desktop=&#8221;25&#8243; constrain_group_8=&#8221;yes&#8221; text_color=&#8221;dark&#8221; text_align=&#8221;center&#8221; row_border_radius=&#8221;none&#8221; row_border_radius_applies=&#8221;bg&#8221; overflow=&#8221;visible&#8221; advanced_gradient_angle=&#8221;0&#8243; overlay_strength=&#8221;0.3&#8243; gradient_direction=&#8221;left_to_right&#8221; shape_divider_position=&#8221;bottom&#8221; bg_image_animation=&#8221;none&#8221; shape_type=&#8221;&#8221; gradient_type=&#8221;default&#8221;][vc_column column_padding=&#8221;no-extra-padding&#8221; column_padding_tablet=&#8221;inherit&#8221; column_padding_phone=&#8221;inherit&#8221; column_padding_position=&#8221;all&#8221; column_element_direction_desktop=&#8221;default&#8221;&#8230;<\/p>\n","protected":false},"author":1,"featured_media":0,"parent":0,"menu_order":0,"comment_status":"closed","ping_status":"closed","template":"","meta":{"footnotes":""},"class_list":["post-1565","page","type-page","status-publish"],"aioseo_notices":[],"aioseo_head":"\n\t\t<!-- All in One SEO 5.0.1.1 - aioseo.com -->\n\t<meta name=\"robots\" content=\"max-image-preview:large\" \/>\n\t<link rel=\"canonical\" href=\"https:\/\/arquimunozyaranda.com\/ca\/project\/rehabilitacion-hospital-general\/\" \/>\n\t<meta name=\"generator\" content=\"All in One SEO (AIOSEO) 5.0.1.1\" \/>\n\t\t<meta property=\"og:locale\" content=\"ca_ES\" \/>\n\t\t<meta property=\"og:site_name\" content=\"ESTUDIO DE ARQUITECTURA MU\u00d1OZ Y ARANDA - Arquitectura Mallorca\" \/>\n\t\t<meta property=\"og:type\" content=\"article\" \/>\n\t\t<meta property=\"og:title\" content=\"Rehabilitaci\u00f3n Hospital General - ESTUDIO DE ARQUITECTURA MU\u00d1OZ Y ARANDA\" \/>\n\t\t<meta property=\"og:url\" content=\"https:\/\/arquimunozyaranda.com\/ca\/project\/rehabilitacion-hospital-general\/\" \/>\n\t\t<meta property=\"article:published_time\" content=\"2023-05-05T07:44:58+00:00\" \/>\n\t\t<meta property=\"article:modified_time\" content=\"2023-10-25T16:00:44+00:00\" \/>\n\t\t<meta name=\"twitter:card\" content=\"summary_large_image\" \/>\n\t\t<meta name=\"twitter:title\" content=\"Rehabilitaci\u00f3n Hospital General - ESTUDIO DE ARQUITECTURA MU\u00d1OZ Y ARANDA\" \/>\n\t\t<script type=\"application\/ld+json\" class=\"aioseo-schema\">\n\t\t\t{\"@context\":\"https:\\\/\\\/schema.org\",\"@graph\":[{\"@type\":\"BreadcrumbList\",\"@id\":\"https:\\\/\\\/arquimunozyaranda.com\\\/ca\\\/project\\\/rehabilitacion-hospital-general\\\/#breadcrumblist\",\"itemListElement\":[{\"@type\":\"ListItem\",\"@id\":\"https:\\\/\\\/arquimunozyaranda.com\\\/ca\\\/#listItem\",\"position\":1,\"name\":\"Inicio\",\"item\":\"https:\\\/\\\/arquimunozyaranda.com\\\/ca\\\/\",\"nextItem\":{\"@type\":\"ListItem\",\"@id\":\"https:\\\/\\\/arquimunozyaranda.com\\\/ca\\\/projectes\\\/#listItem\",\"name\":\"PROJECTES\"}},{\"@type\":\"ListItem\",\"@id\":\"https:\\\/\\\/arquimunozyaranda.com\\\/ca\\\/projectes\\\/#listItem\",\"position\":2,\"name\":\"PROJECTES\",\"previousItem\":{\"@type\":\"ListItem\",\"@id\":\"https:\\\/\\\/arquimunozyaranda.com\\\/ca\\\/#listItem\",\"name\":\"Inicio\"}}]},{\"@type\":\"Organization\",\"@id\":\"https:\\\/\\\/arquimunozyaranda.com\\\/ca\\\/#organization\",\"name\":\"DICAES\",\"description\":\"Arquitectura Mallorca\",\"url\":\"https:\\\/\\\/arquimunozyaranda.com\\\/ca\\\/\"},{\"@type\":\"WebPage\",\"@id\":\"https:\\\/\\\/arquimunozyaranda.com\\\/ca\\\/project\\\/rehabilitacion-hospital-general\\\/#webpage\",\"url\":\"https:\\\/\\\/arquimunozyaranda.com\\\/ca\\\/project\\\/rehabilitacion-hospital-general\\\/\",\"name\":\"Rehabilitaci\\u00f3n Hospital General - ESTUDIO DE ARQUITECTURA MU\\u00d1OZ Y ARANDA\",\"inLanguage\":\"ca\",\"isPartOf\":{\"@id\":\"https:\\\/\\\/arquimunozyaranda.com\\\/ca\\\/#website\"},\"breadcrumb\":{\"@id\":\"https:\\\/\\\/arquimunozyaranda.com\\\/ca\\\/project\\\/rehabilitacion-hospital-general\\\/#breadcrumblist\"},\"image\":{\"@type\":\"ImageObject\",\"url\":\"https:\\\/\\\/arquimunozyaranda.com\\\/wp-content\\\/uploads\\\/2023\\\/05\\\/HG-01.jpg\",\"@id\":\"https:\\\/\\\/arquimunozyaranda.com\\\/ca\\\/project\\\/rehabilitacion-hospital-general\\\/#mainImage\",\"width\":1504,\"height\":1021},\"primaryImageOfPage\":{\"@id\":\"https:\\\/\\\/arquimunozyaranda.com\\\/ca\\\/project\\\/rehabilitacion-hospital-general\\\/#mainImage\"},\"datePublished\":\"2023-05-05T07:44:58+00:00\",\"dateModified\":\"2023-10-25T16:00:44+00:00\"},{\"@type\":\"WebSite\",\"@id\":\"https:\\\/\\\/arquimunozyaranda.com\\\/ca\\\/#website\",\"url\":\"https:\\\/\\\/arquimunozyaranda.com\\\/ca\\\/\",\"name\":\"DICAES\",\"description\":\"Arquitectura Mallorca\",\"inLanguage\":\"ca\",\"publisher\":{\"@id\":\"https:\\\/\\\/arquimunozyaranda.com\\\/ca\\\/#organization\"}}]}\n\t\t<\/script>\n\t\t<!-- All in One SEO -->\n\n","aioseo_head_json":{"title":"Rehabilitaci\u00f3n Hospital General - ESTUDIO DE ARQUITECTURA MU\u00d1OZ Y ARANDA","description":"","canonical_url":"https:\/\/arquimunozyaranda.com\/ca\/project\/rehabilitacion-hospital-general\/","robots":"max-image-preview:large","keywords":"","webmasterTools":{"miscellaneous":""},"schema":{"@context":"https:\/\/schema.org","@graph":[{"@type":"BreadcrumbList","@id":"https:\/\/arquimunozyaranda.com\/ca\/project\/rehabilitacion-hospital-general\/#breadcrumblist","itemListElement":[{"@type":"ListItem","@id":"https:\/\/arquimunozyaranda.com\/ca\/#listItem","position":1,"name":"Inicio","item":"https:\/\/arquimunozyaranda.com\/ca\/","nextItem":{"@type":"ListItem","@id":"https:\/\/arquimunozyaranda.com\/ca\/projectes\/#listItem","name":"PROJECTES"}},{"@type":"ListItem","@id":"https:\/\/arquimunozyaranda.com\/ca\/projectes\/#listItem","position":2,"name":"PROJECTES","previousItem":{"@type":"ListItem","@id":"https:\/\/arquimunozyaranda.com\/ca\/#listItem","name":"Inicio"}}]},{"@type":"Organization","@id":"https:\/\/arquimunozyaranda.com\/ca\/#organization","name":"DICAES","description":"Arquitectura Mallorca","url":"https:\/\/arquimunozyaranda.com\/ca\/"},{"@type":"WebPage","@id":"https:\/\/arquimunozyaranda.com\/ca\/project\/rehabilitacion-hospital-general\/#webpage","url":"https:\/\/arquimunozyaranda.com\/ca\/project\/rehabilitacion-hospital-general\/","name":"Rehabilitaci\u00f3n Hospital General - ESTUDIO DE ARQUITECTURA MU\u00d1OZ Y ARANDA","inLanguage":"ca","isPartOf":{"@id":"https:\/\/arquimunozyaranda.com\/ca\/#website"},"breadcrumb":{"@id":"https:\/\/arquimunozyaranda.com\/ca\/project\/rehabilitacion-hospital-general\/#breadcrumblist"},"image":{"@type":"ImageObject","url":"https:\/\/arquimunozyaranda.com\/wp-content\/uploads\/2023\/05\/HG-01.jpg","@id":"https:\/\/arquimunozyaranda.com\/ca\/project\/rehabilitacion-hospital-general\/#mainImage","width":1504,"height":1021},"primaryImageOfPage":{"@id":"https:\/\/arquimunozyaranda.com\/ca\/project\/rehabilitacion-hospital-general\/#mainImage"},"datePublished":"2023-05-05T07:44:58+00:00","dateModified":"2023-10-25T16:00:44+00:00"},{"@type":"WebSite","@id":"https:\/\/arquimunozyaranda.com\/ca\/#website","url":"https:\/\/arquimunozyaranda.com\/ca\/","name":"DICAES","description":"Arquitectura Mallorca","inLanguage":"ca","publisher":{"@id":"https:\/\/arquimunozyaranda.com\/ca\/#organization"}}]},"og:locale":"ca_ES","og:site_name":"ESTUDIO DE ARQUITECTURA MU\u00d1OZ Y ARANDA - Arquitectura Mallorca","og:type":"article","og:title":"Rehabilitaci\u00f3n Hospital General - ESTUDIO DE ARQUITECTURA MU\u00d1OZ Y ARANDA","og:url":"https:\/\/arquimunozyaranda.com\/ca\/project\/rehabilitacion-hospital-general\/","article:published_time":"2023-05-05T07:44:58+00:00","article:modified_time":"2023-10-25T16:00:44+00:00","twitter:card":"summary_large_image","twitter:title":"Rehabilitaci\u00f3n Hospital General - ESTUDIO DE ARQUITECTURA MU\u00d1OZ Y ARANDA"},"aioseo_meta_data":{"post_id":"1565","title":null,"description":null,"keywords":[],"keyphrases":{"focus":{"keyphrase":"","score":0,"analysis":{"keyphraseInTitle":{"score":0,"maxScore":9,"error":1}}},"additional":[]},"primary_term":null,"canonical_url":null,"og_title":null,"og_description":null,"og_object_type":"default","og_image_type":"default","og_image_url":null,"og_image_width":null,"og_image_height":null,"og_image_custom_url":null,"og_image_custom_fields":null,"og_video":"","og_custom_url":null,"og_article_section":null,"og_article_tags":[],"twitter_use_og":false,"twitter_card":"default","twitter_image_type":"default","twitter_image_url":null,"twitter_image_custom_url":null,"twitter_image_custom_fields":null,"twitter_title":null,"twitter_description":null,"schema":{"blockGraphs":[],"customGraphs":[],"default":{"data":{"Article":[],"Course":[],"Dataset":[],"FAQPage":[],"Movie":[],"Person":[],"Product":[],"ProductReview":[],"Car":[],"Recipe":[],"Service":[],"SoftwareApplication":[],"WebPage":[]},"graphName":"WebPage","isEnabled":true},"graphs":[]},"schema_type":"default","schema_type_options":null,"pillar_content":false,"robots_default":true,"robots_noindex":false,"robots_noarchive":false,"robots_nosnippet":false,"robots_nofollow":false,"robots_noimageindex":false,"robots_noodp":false,"robots_notranslate":false,"robots_max_snippet":"-1","robots_max_videopreview":"-1","robots_max_imagepreview":"large","priority":null,"frequency":"default","local_seo":null,"breadcrumb_settings":null,"limit_modified_date":false,"ai":null,"created":"2023-10-11 09:12:18","updated":"2025-06-06 06:53:53","seo_analyzer_scan_date":null,"focus_keyword":null,"additional_keywords":null,"truseo_locale":null},"aioseo_breadcrumb":"<div class=\"aioseo-breadcrumbs\"><span class=\"aioseo-breadcrumb\">\n\t\t\t<a href=\"https:\/\/arquimunozyaranda.com\/ca\/\" title=\"Inicio\">Inicio<\/a>\n\t\t<\/span><span class=\"aioseo-breadcrumb-separator\">&raquo;<\/span><span class=\"aioseo-breadcrumb\">\n\t\t\tPROJECTES\n\t\t<\/span><\/div>","aioseo_breadcrumb_json":[{"label":"Inicio","link":"https:\/\/arquimunozyaranda.com\/ca\/"},{"label":"PROJECTES","link":"https:\/\/arquimunozyaranda.com\/ca\/projectes\/"}],"_links":{"self":[{"href":"https:\/\/arquimunozyaranda.com\/ca\/wp-json\/wp\/v2\/pages\/1565","targetHints":{"allow":["GET"]}}],"collection":[{"href":"https:\/\/arquimunozyaranda.com\/ca\/wp-json\/wp\/v2\/pages"}],"about":[{"href":"https:\/\/arquimunozyaranda.com\/ca\/wp-json\/wp\/v2\/types\/page"}],"author":[{"embeddable":true,"href":"https:\/\/arquimunozyaranda.com\/ca\/wp-json\/wp\/v2\/users\/1"}],"replies":[{"embeddable":true,"href":"https:\/\/arquimunozyaranda.com\/ca\/wp-json\/wp\/v2\/comments?post=1565"}],"version-history":[{"count":1,"href":"https:\/\/arquimunozyaranda.com\/ca\/wp-json\/wp\/v2\/pages\/1565\/revisions"}],"predecessor-version":[{"id":1574,"href":"https:\/\/arquimunozyaranda.com\/ca\/wp-json\/wp\/v2\/pages\/1565\/revisions\/1574"}],"wp:attachment":[{"href":"https:\/\/arquimunozyaranda.com\/ca\/wp-json\/wp\/v2\/media?parent=1565"}],"curies":[{"name":"wp","href":"https:\/\/api.w.org\/{rel}","templated":true}]}}