{"id":1563,"date":"2023-01-10T16:04:40","date_gmt":"2023-01-10T16:04:40","guid":{"rendered":"https:\/\/arquimunozyaranda.com\/estudio\/"},"modified":"2023-10-11T09:11:06","modified_gmt":"2023-10-11T09:11:06","slug":"estudi","status":"publish","type":"page","link":"https:\/\/arquimunozyaranda.com\/ca\/estudi\/","title":{"rendered":"ESTUDI"},"content":{"rendered":"[vc_row type=&#8221;in_container&#8221; full_screen_row_position=&#8221;middle&#8221; column_margin=&#8221;default&#8221; equal_height=&#8221;yes&#8221; content_placement=&#8221;top&#8221; column_direction=&#8221;default&#8221; column_direction_tablet=&#8221;default&#8221; column_direction_phone=&#8221;default&#8221; scene_position=&#8221;center&#8221; text_color=&#8221;dark&#8221; text_align=&#8221;left&#8221; row_border_radius=&#8221;none&#8221; row_border_radius_applies=&#8221;bg&#8221; overflow=&#8221;visible&#8221; advanced_gradient_angle=&#8221;0&#8243; overlay_strength=&#8221;0.3&#8243; gradient_direction=&#8221;left_to_right&#8221; shape_divider_position=&#8221;bottom&#8221; bg_image_animation=&#8221;none&#8221; gradient_type=&#8221;default&#8221; shape_type=&#8221;&#8221;][vc_column column_padding=&#8221;no-extra-padding&#8221; column_padding_tablet=&#8221;inherit&#8221; column_padding_phone=&#8221;inherit&#8221; column_padding_position=&#8221;all&#8221; column_element_direction_desktop=&#8221;default&#8221; column_element_spacing=&#8221;default&#8221; desktop_text_alignment=&#8221;default&#8221; tablet_text_alignment=&#8221;default&#8221; phone_text_alignment=&#8221;default&#8221; background_color_opacity=&#8221;1&#8243; background_hover_color_opacity=&#8221;1&#8243; column_backdrop_filter=&#8221;none&#8221; column_shadow=&#8221;none&#8221; column_border_radius=&#8221;none&#8221; column_link_target=&#8221;_self&#8221; column_position=&#8221;default&#8221; gradient_direction=&#8221;left_to_right&#8221; overlay_strength=&#8221;0.3&#8243; width=&#8221;1\/2&#8243; tablet_width_inherit=&#8221;default&#8221; animation_type=&#8221;default&#8221; bg_image_animation=&#8221;none&#8221; border_type=&#8221;simple&#8221; column_border_width=&#8221;none&#8221; column_border_style=&#8221;solid&#8221;][vc_column_text]Som un estudi d&#8217;arquitectura amb gran experi\u00e8ncia. Estem ubicats a Palma de Mallorca des de l&#8217;any 2008. Es tracta d&#8217;un estudi d&#8217;arquitectura familiar amb dues generacions al seu front. Aportem l&#8217;experi\u00e8ncia de m\u00e9s de 30 anys al sector, a m\u00e9s que ens adaptem a les noves innovacions i necessitats de l&#8217;arquitectura actual.<\/p>\n<p>L&#8217;equip est\u00e0 format per en Francisco Javier Mu\u00f1oz Bustillo, arquitecte llicenciat per la Universitat Polit\u00e8cnica de Madrid a les especialitats d&#8217;urbanisme i edificaci\u00f3 (1988) i per na Marta Mu\u00f1oz Aranda, amb el grau i m\u00e0ster d&#8217;arquitectura per la Universitat Rey Juan Carlos de Madrid (2017)[\/vc_column_text][\/vc_column][vc_column column_padding=&#8221;no-extra-padding&#8221; column_padding_tablet=&#8221;inherit&#8221; column_padding_phone=&#8221;inherit&#8221; column_padding_position=&#8221;all&#8221; column_element_direction_desktop=&#8221;default&#8221; column_element_spacing=&#8221;default&#8221; desktop_text_alignment=&#8221;default&#8221; tablet_text_alignment=&#8221;default&#8221; phone_text_alignment=&#8221;default&#8221; background_color_opacity=&#8221;1&#8243; background_hover_color_opacity=&#8221;1&#8243; column_backdrop_filter=&#8221;none&#8221; column_shadow=&#8221;none&#8221; column_border_radius=&#8221;none&#8221; column_link_target=&#8221;_self&#8221; column_position=&#8221;default&#8221; gradient_direction=&#8221;left_to_right&#8221; overlay_strength=&#8221;0.3&#8243; width=&#8221;1\/2&#8243; tablet_width_inherit=&#8221;default&#8221; animation_type=&#8221;default&#8221; bg_image_animation=&#8221;none&#8221; border_type=&#8221;simple&#8221; column_border_width=&#8221;none&#8221; column_border_style=&#8221;solid&#8221;][image_with_animation image_url=&#8221;785&#8243; image_size=&#8221;full&#8221; animation_type=&#8221;entrance&#8221; animation=&#8221;Fade In&#8221; animation_easing=&#8221;default&#8221; animation_movement_type=&#8221;transform_y&#8221; hover_animation=&#8221;none&#8221; alignment=&#8221;&#8221; border_radius=&#8221;none&#8221; box_shadow=&#8221;none&#8221; image_loading=&#8221;default&#8221; max_width=&#8221;100%&#8221; max_width_mobile=&#8221;default&#8221;][\/vc_column][\/vc_row]\n","protected":false},"excerpt":{"rendered":"<p>[vc_row type=&#8221;in_container&#8221; full_screen_row_position=&#8221;middle&#8221; column_margin=&#8221;default&#8221; equal_height=&#8221;yes&#8221; content_placement=&#8221;top&#8221; column_direction=&#8221;default&#8221; column_direction_tablet=&#8221;default&#8221; column_direction_phone=&#8221;default&#8221; scene_position=&#8221;center&#8221; text_color=&#8221;dark&#8221; text_align=&#8221;left&#8221; row_border_radius=&#8221;none&#8221; row_border_radius_applies=&#8221;bg&#8221; overflow=&#8221;visible&#8221; advanced_gradient_angle=&#8221;0&#8243; overlay_strength=&#8221;0.3&#8243; gradient_direction=&#8221;left_to_right&#8221; shape_divider_position=&#8221;bottom&#8221; bg_image_animation=&#8221;none&#8221; gradient_type=&#8221;default&#8221; shape_type=&#8221;&#8221;][vc_column column_padding=&#8221;no-extra-padding&#8221; column_padding_tablet=&#8221;inherit&#8221; column_padding_phone=&#8221;inherit&#8221; column_padding_position=&#8221;all&#8221; column_element_direction_desktop=&#8221;default&#8221; column_element_spacing=&#8221;default&#8221; desktop_text_alignment=&#8221;default&#8221; tablet_text_alignment=&#8221;default&#8221;&#8230;<\/p>\n","protected":false},"author":1,"featured_media":0,"parent":0,"menu_order":0,"comment_status":"closed","ping_status":"closed","template":"","meta":{"footnotes":""},"class_list":["post-1563","page","type-page","status-publish"],"aioseo_notices":[],"aioseo_head":"\n\t\t<!-- All in One SEO 5.0.1.1 - aioseo.com -->\n\t<meta name=\"description\" content=\"Som un estudi d\u2019arquitectura amb gran experi\u00e8ncia. Estem ubicats a Palma de Mallorca des de l\u2019any 2008. Es tracta d\u2019un estudi d\u2019arquitectura familiar amb dues generacions al seu front. Aportem l\u2019experi\u00e8ncia de m\u00e9s de 30 anys al sector, a m\u00e9s que ens adaptem a les noves innovacions i necessitats de l\u2019arquitectura actual. L\u2019equip est\u00e0 format\" \/>\n\t<meta name=\"robots\" content=\"max-image-preview:large\" \/>\n\t<link rel=\"canonical\" href=\"https:\/\/arquimunozyaranda.com\/ca\/estudi\/\" \/>\n\t<meta name=\"generator\" content=\"All in One SEO (AIOSEO) 5.0.1.1\" \/>\n\t\t<meta property=\"og:locale\" content=\"ca_ES\" \/>\n\t\t<meta property=\"og:site_name\" content=\"ESTUDIO DE ARQUITECTURA MU\u00d1OZ Y ARANDA - Arquitectura Mallorca\" \/>\n\t\t<meta property=\"og:type\" content=\"article\" \/>\n\t\t<meta property=\"og:title\" content=\"ESTUDI - ESTUDIO DE ARQUITECTURA MU\u00d1OZ Y ARANDA\" \/>\n\t\t<meta property=\"og:description\" content=\"Som un estudi d\u2019arquitectura amb gran experi\u00e8ncia. Estem ubicats a Palma de Mallorca des de l\u2019any 2008. Es tracta d\u2019un estudi d\u2019arquitectura familiar amb dues generacions al seu front. Aportem l\u2019experi\u00e8ncia de m\u00e9s de 30 anys al sector, a m\u00e9s que ens adaptem a les noves innovacions i necessitats de l\u2019arquitectura actual. L\u2019equip est\u00e0 format\" \/>\n\t\t<meta property=\"og:url\" content=\"https:\/\/arquimunozyaranda.com\/ca\/estudi\/\" \/>\n\t\t<meta property=\"article:published_time\" content=\"2023-01-10T16:04:40+00:00\" \/>\n\t\t<meta property=\"article:modified_time\" content=\"2023-10-11T09:11:06+00:00\" \/>\n\t\t<meta name=\"twitter:card\" content=\"summary_large_image\" \/>\n\t\t<meta name=\"twitter:title\" content=\"ESTUDI - ESTUDIO DE ARQUITECTURA MU\u00d1OZ Y ARANDA\" \/>\n\t\t<meta name=\"twitter:description\" content=\"Som un estudi d\u2019arquitectura amb gran experi\u00e8ncia. Estem ubicats a Palma de Mallorca des de l\u2019any 2008. Es tracta d\u2019un estudi d\u2019arquitectura familiar amb dues generacions al seu front. Aportem l\u2019experi\u00e8ncia de m\u00e9s de 30 anys al sector, a m\u00e9s que ens adaptem a les noves innovacions i necessitats de l\u2019arquitectura actual. L\u2019equip est\u00e0 format\" \/>\n\t\t<script type=\"application\/ld+json\" class=\"aioseo-schema\">\n\t\t\t{\"@context\":\"https:\\\/\\\/schema.org\",\"@graph\":[{\"@type\":\"BreadcrumbList\",\"@id\":\"https:\\\/\\\/arquimunozyaranda.com\\\/ca\\\/estudi\\\/#breadcrumblist\",\"itemListElement\":[{\"@type\":\"ListItem\",\"@id\":\"https:\\\/\\\/arquimunozyaranda.com\\\/ca\\\/#listItem\",\"position\":1,\"name\":\"Inicio\",\"item\":\"https:\\\/\\\/arquimunozyaranda.com\\\/ca\\\/\",\"nextItem\":{\"@type\":\"ListItem\",\"@id\":\"https:\\\/\\\/arquimunozyaranda.com\\\/ca\\\/estudi\\\/#listItem\",\"name\":\"ESTUDI\"}},{\"@type\":\"ListItem\",\"@id\":\"https:\\\/\\\/arquimunozyaranda.com\\\/ca\\\/estudi\\\/#listItem\",\"position\":2,\"name\":\"ESTUDI\",\"previousItem\":{\"@type\":\"ListItem\",\"@id\":\"https:\\\/\\\/arquimunozyaranda.com\\\/ca\\\/#listItem\",\"name\":\"Inicio\"}}]},{\"@type\":\"Organization\",\"@id\":\"https:\\\/\\\/arquimunozyaranda.com\\\/ca\\\/#organization\",\"name\":\"DICAES\",\"description\":\"Arquitectura Mallorca\",\"url\":\"https:\\\/\\\/arquimunozyaranda.com\\\/ca\\\/\"},{\"@type\":\"WebPage\",\"@id\":\"https:\\\/\\\/arquimunozyaranda.com\\\/ca\\\/estudi\\\/#webpage\",\"url\":\"https:\\\/\\\/arquimunozyaranda.com\\\/ca\\\/estudi\\\/\",\"name\":\"ESTUDI - ESTUDIO DE ARQUITECTURA MU\\u00d1OZ Y ARANDA\",\"description\":\"Som un estudi d\\u2019arquitectura amb gran experi\\u00e8ncia. Estem ubicats a Palma de Mallorca des de l\\u2019any 2008. Es tracta d\\u2019un estudi d\\u2019arquitectura familiar amb dues generacions al seu front. Aportem l\\u2019experi\\u00e8ncia de m\\u00e9s de 30 anys al sector, a m\\u00e9s que ens adaptem a les noves innovacions i necessitats de l\\u2019arquitectura actual. L\\u2019equip est\\u00e0 format\",\"inLanguage\":\"ca\",\"isPartOf\":{\"@id\":\"https:\\\/\\\/arquimunozyaranda.com\\\/ca\\\/#website\"},\"breadcrumb\":{\"@id\":\"https:\\\/\\\/arquimunozyaranda.com\\\/ca\\\/estudi\\\/#breadcrumblist\"},\"datePublished\":\"2023-01-10T16:04:40+00:00\",\"dateModified\":\"2023-10-11T09:11:06+00:00\"},{\"@type\":\"WebSite\",\"@id\":\"https:\\\/\\\/arquimunozyaranda.com\\\/ca\\\/#website\",\"url\":\"https:\\\/\\\/arquimunozyaranda.com\\\/ca\\\/\",\"name\":\"DICAES\",\"description\":\"Arquitectura Mallorca\",\"inLanguage\":\"ca\",\"publisher\":{\"@id\":\"https:\\\/\\\/arquimunozyaranda.com\\\/ca\\\/#organization\"}}]}\n\t\t<\/script>\n\t\t<!-- All in One SEO -->\n\n","aioseo_head_json":{"title":"ESTUDI - ESTUDIO DE ARQUITECTURA MU\u00d1OZ Y ARANDA","description":"Som un estudi d\u2019arquitectura amb gran experi\u00e8ncia. Estem ubicats a Palma de Mallorca des de l\u2019any 2008. Es tracta d\u2019un estudi d\u2019arquitectura familiar amb dues generacions al seu front. Aportem l\u2019experi\u00e8ncia de m\u00e9s de 30 anys al sector, a m\u00e9s que ens adaptem a les noves innovacions i necessitats de l\u2019arquitectura actual. L\u2019equip est\u00e0 format","canonical_url":"https:\/\/arquimunozyaranda.com\/ca\/estudi\/","robots":"max-image-preview:large","keywords":"","webmasterTools":{"miscellaneous":""},"schema":{"@context":"https:\/\/schema.org","@graph":[{"@type":"BreadcrumbList","@id":"https:\/\/arquimunozyaranda.com\/ca\/estudi\/#breadcrumblist","itemListElement":[{"@type":"ListItem","@id":"https:\/\/arquimunozyaranda.com\/ca\/#listItem","position":1,"name":"Inicio","item":"https:\/\/arquimunozyaranda.com\/ca\/","nextItem":{"@type":"ListItem","@id":"https:\/\/arquimunozyaranda.com\/ca\/estudi\/#listItem","name":"ESTUDI"}},{"@type":"ListItem","@id":"https:\/\/arquimunozyaranda.com\/ca\/estudi\/#listItem","position":2,"name":"ESTUDI","previousItem":{"@type":"ListItem","@id":"https:\/\/arquimunozyaranda.com\/ca\/#listItem","name":"Inicio"}}]},{"@type":"Organization","@id":"https:\/\/arquimunozyaranda.com\/ca\/#organization","name":"DICAES","description":"Arquitectura Mallorca","url":"https:\/\/arquimunozyaranda.com\/ca\/"},{"@type":"WebPage","@id":"https:\/\/arquimunozyaranda.com\/ca\/estudi\/#webpage","url":"https:\/\/arquimunozyaranda.com\/ca\/estudi\/","name":"ESTUDI - ESTUDIO DE ARQUITECTURA MU\u00d1OZ Y ARANDA","description":"Som un estudi d\u2019arquitectura amb gran experi\u00e8ncia. Estem ubicats a Palma de Mallorca des de l\u2019any 2008. Es tracta d\u2019un estudi d\u2019arquitectura familiar amb dues generacions al seu front. Aportem l\u2019experi\u00e8ncia de m\u00e9s de 30 anys al sector, a m\u00e9s que ens adaptem a les noves innovacions i necessitats de l\u2019arquitectura actual. L\u2019equip est\u00e0 format","inLanguage":"ca","isPartOf":{"@id":"https:\/\/arquimunozyaranda.com\/ca\/#website"},"breadcrumb":{"@id":"https:\/\/arquimunozyaranda.com\/ca\/estudi\/#breadcrumblist"},"datePublished":"2023-01-10T16:04:40+00:00","dateModified":"2023-10-11T09:11:06+00:00"},{"@type":"WebSite","@id":"https:\/\/arquimunozyaranda.com\/ca\/#website","url":"https:\/\/arquimunozyaranda.com\/ca\/","name":"DICAES","description":"Arquitectura Mallorca","inLanguage":"ca","publisher":{"@id":"https:\/\/arquimunozyaranda.com\/ca\/#organization"}}]},"og:locale":"ca_ES","og:site_name":"ESTUDIO DE ARQUITECTURA MU\u00d1OZ Y ARANDA - Arquitectura Mallorca","og:type":"article","og:title":"ESTUDI - ESTUDIO DE ARQUITECTURA MU\u00d1OZ Y ARANDA","og:description":"Som un estudi d\u2019arquitectura amb gran experi\u00e8ncia. Estem ubicats a Palma de Mallorca des de l\u2019any 2008. Es tracta d\u2019un estudi d\u2019arquitectura familiar amb dues generacions al seu front. Aportem l\u2019experi\u00e8ncia de m\u00e9s de 30 anys al sector, a m\u00e9s que ens adaptem a les noves innovacions i necessitats de l\u2019arquitectura actual. L\u2019equip est\u00e0 format","og:url":"https:\/\/arquimunozyaranda.com\/ca\/estudi\/","article:published_time":"2023-01-10T16:04:40+00:00","article:modified_time":"2023-10-11T09:11:06+00:00","twitter:card":"summary_large_image","twitter:title":"ESTUDI - ESTUDIO DE ARQUITECTURA MU\u00d1OZ Y ARANDA","twitter:description":"Som un estudi d\u2019arquitectura amb gran experi\u00e8ncia. Estem ubicats a Palma de Mallorca des de l\u2019any 2008. Es tracta d\u2019un estudi d\u2019arquitectura familiar amb dues generacions al seu front. Aportem l\u2019experi\u00e8ncia de m\u00e9s de 30 anys al sector, a m\u00e9s que ens adaptem a les noves innovacions i necessitats de l\u2019arquitectura actual. L\u2019equip est\u00e0 format"},"aioseo_meta_data":{"post_id":"1563","title":null,"description":null,"keywords":[],"keyphrases":{"focus":{"keyphrase":"","score":0,"analysis":{"keyphraseInTitle":{"score":0,"maxScore":9,"error":1}}},"additional":[]},"primary_term":null,"canonical_url":null,"og_title":null,"og_description":null,"og_object_type":"default","og_image_type":"default","og_image_url":null,"og_image_width":null,"og_image_height":null,"og_image_custom_url":null,"og_image_custom_fields":null,"og_video":"","og_custom_url":null,"og_article_section":null,"og_article_tags":[],"twitter_use_og":false,"twitter_card":"default","twitter_image_type":"default","twitter_image_url":null,"twitter_image_custom_url":null,"twitter_image_custom_fields":null,"twitter_title":null,"twitter_description":null,"schema":{"blockGraphs":[],"customGraphs":[],"default":{"data":{"Article":[],"Course":[],"Dataset":[],"FAQPage":[],"Movie":[],"Person":[],"Product":[],"ProductReview":[],"Car":[],"Recipe":[],"Service":[],"SoftwareApplication":[],"WebPage":[]},"graphName":"WebPage","isEnabled":true},"graphs":[]},"schema_type":"default","schema_type_options":null,"pillar_content":false,"robots_default":true,"robots_noindex":false,"robots_noarchive":false,"robots_nosnippet":false,"robots_nofollow":false,"robots_noimageindex":false,"robots_noodp":false,"robots_notranslate":false,"robots_max_snippet":"-1","robots_max_videopreview":"-1","robots_max_imagepreview":"large","priority":null,"frequency":"default","local_seo":null,"breadcrumb_settings":null,"limit_modified_date":false,"ai":null,"created":"2023-10-11 09:11:06","updated":"2025-06-06 06:53:53","seo_analyzer_scan_date":null,"focus_keyword":null,"additional_keywords":null,"truseo_locale":null},"aioseo_breadcrumb":"<div class=\"aioseo-breadcrumbs\"><span class=\"aioseo-breadcrumb\">\n\t\t\t<a href=\"https:\/\/arquimunozyaranda.com\/ca\/\" title=\"Inicio\">Inicio<\/a>\n\t\t<\/span><span class=\"aioseo-breadcrumb-separator\">&raquo;<\/span><span class=\"aioseo-breadcrumb\">\n\t\t\tESTUDI\n\t\t<\/span><\/div>","aioseo_breadcrumb_json":[{"label":"Inicio","link":"https:\/\/arquimunozyaranda.com\/ca\/"},{"label":"ESTUDI","link":"https:\/\/arquimunozyaranda.com\/ca\/estudi\/"}],"_links":{"self":[{"href":"https:\/\/arquimunozyaranda.com\/ca\/wp-json\/wp\/v2\/pages\/1563","targetHints":{"allow":["GET"]}}],"collection":[{"href":"https:\/\/arquimunozyaranda.com\/ca\/wp-json\/wp\/v2\/pages"}],"about":[{"href":"https:\/\/arquimunozyaranda.com\/ca\/wp-json\/wp\/v2\/types\/page"}],"author":[{"embeddable":true,"href":"https:\/\/arquimunozyaranda.com\/ca\/wp-json\/wp\/v2\/users\/1"}],"replies":[{"embeddable":true,"href":"https:\/\/arquimunozyaranda.com\/ca\/wp-json\/wp\/v2\/comments?post=1563"}],"version-history":[{"count":1,"href":"https:\/\/arquimunozyaranda.com\/ca\/wp-json\/wp\/v2\/pages\/1563\/revisions"}],"predecessor-version":[{"id":1571,"href":"https:\/\/arquimunozyaranda.com\/ca\/wp-json\/wp\/v2\/pages\/1563\/revisions\/1571"}],"wp:attachment":[{"href":"https:\/\/arquimunozyaranda.com\/ca\/wp-json\/wp\/v2\/media?parent=1563"}],"curies":[{"name":"wp","href":"https:\/\/api.w.org\/{rel}","templated":true}]}}