{"id":1559,"date":"2021-11-14T01:36:36","date_gmt":"2021-11-14T01:36:36","guid":{"rendered":"https:\/\/arquimunozyaranda.com\/salient-architect-landing\/"},"modified":"2021-11-14T01:36:36","modified_gmt":"2021-11-14T01:36:36","slug":"salient-architect-landing","status":"publish","type":"page","link":"https:\/\/arquimunozyaranda.com\/ca\/","title":{"rendered":"MU\u00d1OZ Y ARANDA"},"content":{"rendered":"[vc_row type=&#8221;in_container&#8221; full_screen_row_position=&#8221;middle&#8221; column_margin=&#8221;default&#8221; column_direction=&#8221;default&#8221; column_direction_tablet=&#8221;default&#8221; column_direction_phone=&#8221;default&#8221; scene_position=&#8221;center&#8221; text_color=&#8221;dark&#8221; text_align=&#8221;left&#8221; row_border_radius=&#8221;none&#8221; row_border_radius_applies=&#8221;bg&#8221; overflow=&#8221;visible&#8221; overlay_strength=&#8221;0.3&#8243; gradient_direction=&#8221;left_to_right&#8221; shape_divider_position=&#8221;bottom&#8221; bg_image_animation=&#8221;none&#8221;][vc_column column_padding=&#8221;no-extra-padding&#8221; column_padding_tablet=&#8221;inherit&#8221; column_padding_phone=&#8221;inherit&#8221; column_padding_position=&#8221;all&#8221; column_element_direction_desktop=&#8221;default&#8221; column_element_spacing=&#8221;default&#8221; desktop_text_alignment=&#8221;default&#8221; tablet_text_alignment=&#8221;default&#8221; phone_text_alignment=&#8221;default&#8221; background_color_opacity=&#8221;1&#8243; background_hover_color_opacity=&#8221;1&#8243; column_backdrop_filter=&#8221;none&#8221; column_shadow=&#8221;none&#8221; column_border_radius=&#8221;none&#8221; column_link_target=&#8221;_self&#8221; column_position=&#8221;default&#8221; gradient_direction=&#8221;left_to_right&#8221; overlay_strength=&#8221;0.3&#8243; width=&#8221;1\/1&#8243; tablet_width_inherit=&#8221;default&#8221; animation_type=&#8221;default&#8221; bg_image_animation=&#8221;none&#8221; border_type=&#8221;simple&#8221; column_border_width=&#8221;none&#8221; column_border_style=&#8221;solid&#8221;]<div  data-transition=\"fade\" data-overall_style=\"classic\" data-flexible-height=\"\" data-animate-in-effect=\"none\" data-fullscreen=\"true\" data-button-sizing=\"regular\" data-button-styling=\"btn_with_count\" data-autorotate=\"5000\" data-parallax=\"false\" data-parallax-disable-mobile=\"\" data-caption-trans=\"fade_in_from_bottom\" data-parallax-style=\"bg_only\" data-bg-animation=\"none\" data-full-width=\"true\" class=\"nectar-slider-wrap \" id=\"nectar-slider-instance-1\"><div class=\"swiper-container\"  data-tho=\"auto\" data-tco=\"auto\" data-pho=\"auto\" data-pco=\"auto\" data-loop=\"true\" data-height=\"650\" data-min-height=\"\" data-arrows=\"false\" data-bullets=\"true\" data-bullet_style=\"see_through\" data-bullet_position=\"bottom\" data-desktop-swipe=\"true\" data-settings=\"\"> <div class=\"swiper-wrapper\"><div class=\"swiper-slide\" data-desktop-content-width=\"auto\" data-tablet-content-width=\"auto\" data-bg-alignment=\"center\" data-color-scheme=\"light\" data-x-pos=\"left\" data-y-pos=\"middle\" ><div class=\"slide-bg-wrap\"><div class=\"image-bg\" data-nectar-img-src=\"https:\/\/arquimunozyaranda.com\/wp-content\/uploads\/2023\/05\/HG-01.jpg\"> &nbsp; <\/div><\/div><div class=\"video-texture \"> <span class=\"ie-fix\"><\/span> <\/div><\/div> <!--\/swiper-slide--><div class=\"swiper-slide\" data-desktop-content-width=\"auto\" data-tablet-content-width=\"auto\" data-bg-alignment=\"center\" data-color-scheme=\"light\" data-x-pos=\"left\" data-y-pos=\"middle\" ><div class=\"slide-bg-wrap\"><div class=\"image-bg\" data-nectar-img-src=\"https:\/\/arquimunozyaranda.com\/wp-content\/uploads\/2023\/10\/SJDI_01.jpg\"> &nbsp; <\/div><\/div><div class=\"video-texture \"> <span class=\"ie-fix\"><\/span> <\/div><\/div> <!--\/swiper-slide--><div class=\"swiper-slide\" data-desktop-content-width=\"auto\" data-tablet-content-width=\"auto\" data-bg-alignment=\"center\" data-color-scheme=\"light\" data-x-pos=\"left\" data-y-pos=\"middle\" ><div class=\"slide-bg-wrap\"><div class=\"image-bg\" data-nectar-img-src=\"https:\/\/arquimunozyaranda.com\/wp-content\/uploads\/2023\/10\/SJD2_01.jpg\"> &nbsp; <\/div><\/div><div class=\"video-texture \"> <span class=\"ie-fix\"><\/span> <\/div><\/div> <!--\/swiper-slide--><div class=\"swiper-slide\" data-desktop-content-width=\"auto\" data-tablet-content-width=\"auto\" data-bg-alignment=\"center\" data-color-scheme=\"light\" data-x-pos=\"left\" data-y-pos=\"middle\" ><div class=\"slide-bg-wrap\"><div class=\"image-bg\" data-nectar-img-src=\"https:\/\/arquimunozyaranda.com\/wp-content\/uploads\/2023\/10\/NUR01.jpg\"> &nbsp; <\/div><\/div><div class=\"video-texture \"> <span class=\"ie-fix\"><\/span> <\/div><\/div> <!--\/swiper-slide--><\/div><div class=\"container normal-container slider-pagination-wrap\"><div class=\"slider-pagination\"><\/div><\/div><div class=\"nectar-slider-loading \"> <span class=\"loading-icon none\">   <\/span> <\/div> <\/div> \n\t\t\t\t\t\n\t\t\t\t\t<\/div>[\/vc_column][\/vc_row]\n","protected":false},"excerpt":{"rendered":"<p>[vc_row type=&#8221;in_container&#8221; full_screen_row_position=&#8221;middle&#8221; column_margin=&#8221;default&#8221; column_direction=&#8221;default&#8221; column_direction_tablet=&#8221;default&#8221; column_direction_phone=&#8221;default&#8221; scene_position=&#8221;center&#8221; text_color=&#8221;dark&#8221; text_align=&#8221;left&#8221; row_border_radius=&#8221;none&#8221; row_border_radius_applies=&#8221;bg&#8221; overflow=&#8221;visible&#8221; overlay_strength=&#8221;0.3&#8243; gradient_direction=&#8221;left_to_right&#8221; shape_divider_position=&#8221;bottom&#8221; bg_image_animation=&#8221;none&#8221;][vc_column column_padding=&#8221;no-extra-padding&#8221; column_padding_tablet=&#8221;inherit&#8221; column_padding_phone=&#8221;inherit&#8221; column_padding_position=&#8221;all&#8221; column_element_direction_desktop=&#8221;default&#8221; column_element_spacing=&#8221;default&#8221; desktop_text_alignment=&#8221;default&#8221; tablet_text_alignment=&#8221;default&#8221; phone_text_alignment=&#8221;default&#8221; background_color_opacity=&#8221;1&#8243; background_hover_color_opacity=&#8221;1&#8243; column_backdrop_filter=&#8221;none&#8221; column_shadow=&#8221;none&#8221;&#8230;<\/p>\n","protected":false},"author":1,"featured_media":0,"parent":0,"menu_order":0,"comment_status":"closed","ping_status":"closed","template":"","meta":{"footnotes":""},"class_list":["post-1559","page","type-page","status-publish"],"aioseo_notices":[],"aioseo_head":"\n\t\t<!-- All in One SEO 5.0.1.1 - aioseo.com -->\n\t<meta name=\"description\" content=\"Som un estudi d&#039;arquitectura amb gran experi\u00e8ncia. Estem ubicats a Palma de Mallorca des de l&#039;any 2008. Es tracta d&#039;un estudi d&#039;arquitectura familiar amb dues generacions al seu front. Aportem l&#039;experi\u00e8ncia de m\u00e9s de 30 anys al sector, a m\u00e9s que ens adaptem a les noves innovacions i necessitats de l&#039;arquitectura actual.\" \/>\n\t<meta name=\"robots\" content=\"max-image-preview:large\" \/>\n\t<link rel=\"canonical\" href=\"https:\/\/arquimunozyaranda.com\/ca\/\" \/>\n\t<meta name=\"generator\" content=\"All in One SEO (AIOSEO) 5.0.1.1\" \/>\n\t\t<meta property=\"og:locale\" content=\"ca_ES\" \/>\n\t\t<meta property=\"og:site_name\" content=\"ESTUDIO DE ARQUITECTURA MU\u00d1OZ Y ARANDA - Arquitectura Mallorca\" \/>\n\t\t<meta property=\"og:type\" content=\"article\" \/>\n\t\t<meta property=\"og:title\" content=\"MU\u00d1OZ Y ARANDA - ESTUDIO DE ARQUITECTURA MU\u00d1OZ Y ARANDA\" \/>\n\t\t<meta property=\"og:description\" content=\"Som un estudi d&#039;arquitectura amb gran experi\u00e8ncia. Estem ubicats a Palma de Mallorca des de l&#039;any 2008. Es tracta d&#039;un estudi d&#039;arquitectura familiar amb dues generacions al seu front. Aportem l&#039;experi\u00e8ncia de m\u00e9s de 30 anys al sector, a m\u00e9s que ens adaptem a les noves innovacions i necessitats de l&#039;arquitectura actual.\" \/>\n\t\t<meta property=\"og:url\" content=\"https:\/\/arquimunozyaranda.com\/ca\/\" \/>\n\t\t<meta property=\"article:published_time\" content=\"2021-11-14T01:36:36+00:00\" \/>\n\t\t<meta property=\"article:modified_time\" content=\"2021-11-14T01:36:36+00:00\" \/>\n\t\t<meta name=\"twitter:card\" content=\"summary_large_image\" \/>\n\t\t<meta name=\"twitter:title\" content=\"MU\u00d1OZ Y ARANDA - ESTUDIO DE ARQUITECTURA MU\u00d1OZ Y ARANDA\" \/>\n\t\t<meta name=\"twitter:description\" content=\"Som un estudi d&#039;arquitectura amb gran experi\u00e8ncia. Estem ubicats a Palma de Mallorca des de l&#039;any 2008. Es tracta d&#039;un estudi d&#039;arquitectura familiar amb dues generacions al seu front. Aportem l&#039;experi\u00e8ncia de m\u00e9s de 30 anys al sector, a m\u00e9s que ens adaptem a les noves innovacions i necessitats de l&#039;arquitectura actual.\" \/>\n\t\t<script type=\"application\/ld+json\" class=\"aioseo-schema\">\n\t\t\t{\"@context\":\"https:\\\/\\\/schema.org\",\"@graph\":[{\"@type\":\"BreadcrumbList\",\"@id\":\"https:\\\/\\\/arquimunozyaranda.com\\\/ca\\\/#breadcrumblist\",\"itemListElement\":[{\"@type\":\"ListItem\",\"@id\":\"https:\\\/\\\/arquimunozyaranda.com\\\/ca\\\/#listItem\",\"position\":1,\"name\":\"Inicio\",\"item\":\"https:\\\/\\\/arquimunozyaranda.com\\\/ca\\\/\",\"nextItem\":{\"@type\":\"ListItem\",\"@id\":\"https:\\\/\\\/arquimunozyaranda.com\\\/ca\\\/#listItem\",\"name\":\"MU\\u00d1OZ Y ARANDA\"}},{\"@type\":\"ListItem\",\"@id\":\"https:\\\/\\\/arquimunozyaranda.com\\\/ca\\\/#listItem\",\"position\":2,\"name\":\"MU\\u00d1OZ Y ARANDA\",\"previousItem\":{\"@type\":\"ListItem\",\"@id\":\"https:\\\/\\\/arquimunozyaranda.com\\\/ca\\\/#listItem\",\"name\":\"Inicio\"}}]},{\"@type\":\"Organization\",\"@id\":\"https:\\\/\\\/arquimunozyaranda.com\\\/ca\\\/#organization\",\"name\":\"DICAES\",\"description\":\"Arquitectura Mallorca\",\"url\":\"https:\\\/\\\/arquimunozyaranda.com\\\/ca\\\/\"},{\"@type\":\"Person\",\"@id\":\"https:\\\/\\\/arquimunozyaranda.com\\\/ca\\\/author\\\/jotaele84\\\/#author\",\"url\":\"https:\\\/\\\/arquimunozyaranda.com\\\/ca\\\/author\\\/jotaele84\\\/\",\"name\":\"jotaele84\",\"image\":{\"@type\":\"ImageObject\",\"@id\":\"https:\\\/\\\/arquimunozyaranda.com\\\/ca\\\/#authorImage\",\"url\":\"https:\\\/\\\/secure.gravatar.com\\\/avatar\\\/7f837848cb2e208bea255484c4e2c5df?s=96&d=mm&r=g\",\"width\":96,\"height\":96,\"caption\":\"jotaele84\"}},{\"@type\":\"WebPage\",\"@id\":\"https:\\\/\\\/arquimunozyaranda.com\\\/ca\\\/#webpage\",\"url\":\"https:\\\/\\\/arquimunozyaranda.com\\\/ca\\\/\",\"name\":\"MU\\u00d1OZ Y ARANDA - ESTUDIO DE ARQUITECTURA MU\\u00d1OZ Y ARANDA\",\"description\":\"Som un estudi d'arquitectura amb gran experi\\u00e8ncia. Estem ubicats a Palma de Mallorca des de l'any 2008. Es tracta d'un estudi d'arquitectura familiar amb dues generacions al seu front. Aportem l'experi\\u00e8ncia de m\\u00e9s de 30 anys al sector, a m\\u00e9s que ens adaptem a les noves innovacions i necessitats de l'arquitectura actual.\",\"inLanguage\":\"ca\",\"isPartOf\":{\"@id\":\"https:\\\/\\\/arquimunozyaranda.com\\\/ca\\\/#website\"},\"breadcrumb\":{\"@id\":\"https:\\\/\\\/arquimunozyaranda.com\\\/ca\\\/#breadcrumblist\"},\"author\":{\"@id\":\"https:\\\/\\\/arquimunozyaranda.com\\\/ca\\\/author\\\/jotaele84\\\/#author\"},\"creator\":{\"@id\":\"https:\\\/\\\/arquimunozyaranda.com\\\/ca\\\/author\\\/jotaele84\\\/#author\"},\"datePublished\":\"2021-11-14T01:36:36+00:00\",\"dateModified\":\"2021-11-14T01:36:36+00:00\"},{\"@type\":\"WebSite\",\"@id\":\"https:\\\/\\\/arquimunozyaranda.com\\\/ca\\\/#website\",\"url\":\"https:\\\/\\\/arquimunozyaranda.com\\\/ca\\\/\",\"name\":\"DICAES\",\"description\":\"Arquitectura Mallorca\",\"inLanguage\":\"ca\",\"publisher\":{\"@id\":\"https:\\\/\\\/arquimunozyaranda.com\\\/ca\\\/#organization\"}}]}\n\t\t<\/script>\n\t\t<!-- All in One SEO -->\n\n","aioseo_head_json":{"title":"MU\u00d1OZ Y ARANDA - ESTUDIO DE ARQUITECTURA MU\u00d1OZ Y ARANDA","description":"Som un estudi d'arquitectura amb gran experi\u00e8ncia. Estem ubicats a Palma de Mallorca des de l'any 2008. Es tracta d'un estudi d'arquitectura familiar amb dues generacions al seu front. Aportem l'experi\u00e8ncia de m\u00e9s de 30 anys al sector, a m\u00e9s que ens adaptem a les noves innovacions i necessitats de l'arquitectura actual.","canonical_url":"https:\/\/arquimunozyaranda.com\/ca\/","robots":"max-image-preview:large","keywords":"","webmasterTools":{"miscellaneous":""},"schema":{"@context":"https:\/\/schema.org","@graph":[{"@type":"BreadcrumbList","@id":"https:\/\/arquimunozyaranda.com\/ca\/#breadcrumblist","itemListElement":[{"@type":"ListItem","@id":"https:\/\/arquimunozyaranda.com\/ca\/#listItem","position":1,"name":"Inicio","item":"https:\/\/arquimunozyaranda.com\/ca\/","nextItem":{"@type":"ListItem","@id":"https:\/\/arquimunozyaranda.com\/ca\/#listItem","name":"MU\u00d1OZ Y ARANDA"}},{"@type":"ListItem","@id":"https:\/\/arquimunozyaranda.com\/ca\/#listItem","position":2,"name":"MU\u00d1OZ Y ARANDA","previousItem":{"@type":"ListItem","@id":"https:\/\/arquimunozyaranda.com\/ca\/#listItem","name":"Inicio"}}]},{"@type":"Organization","@id":"https:\/\/arquimunozyaranda.com\/ca\/#organization","name":"DICAES","description":"Arquitectura Mallorca","url":"https:\/\/arquimunozyaranda.com\/ca\/"},{"@type":"Person","@id":"https:\/\/arquimunozyaranda.com\/ca\/author\/jotaele84\/#author","url":"https:\/\/arquimunozyaranda.com\/ca\/author\/jotaele84\/","name":"jotaele84","image":{"@type":"ImageObject","@id":"https:\/\/arquimunozyaranda.com\/ca\/#authorImage","url":"https:\/\/secure.gravatar.com\/avatar\/7f837848cb2e208bea255484c4e2c5df?s=96&d=mm&r=g","width":96,"height":96,"caption":"jotaele84"}},{"@type":"WebPage","@id":"https:\/\/arquimunozyaranda.com\/ca\/#webpage","url":"https:\/\/arquimunozyaranda.com\/ca\/","name":"MU\u00d1OZ Y ARANDA - ESTUDIO DE ARQUITECTURA MU\u00d1OZ Y ARANDA","description":"Som un estudi d'arquitectura amb gran experi\u00e8ncia. Estem ubicats a Palma de Mallorca des de l'any 2008. Es tracta d'un estudi d'arquitectura familiar amb dues generacions al seu front. Aportem l'experi\u00e8ncia de m\u00e9s de 30 anys al sector, a m\u00e9s que ens adaptem a les noves innovacions i necessitats de l'arquitectura actual.","inLanguage":"ca","isPartOf":{"@id":"https:\/\/arquimunozyaranda.com\/ca\/#website"},"breadcrumb":{"@id":"https:\/\/arquimunozyaranda.com\/ca\/#breadcrumblist"},"author":{"@id":"https:\/\/arquimunozyaranda.com\/ca\/author\/jotaele84\/#author"},"creator":{"@id":"https:\/\/arquimunozyaranda.com\/ca\/author\/jotaele84\/#author"},"datePublished":"2021-11-14T01:36:36+00:00","dateModified":"2021-11-14T01:36:36+00:00"},{"@type":"WebSite","@id":"https:\/\/arquimunozyaranda.com\/ca\/#website","url":"https:\/\/arquimunozyaranda.com\/ca\/","name":"DICAES","description":"Arquitectura Mallorca","inLanguage":"ca","publisher":{"@id":"https:\/\/arquimunozyaranda.com\/ca\/#organization"}}]},"og:locale":"ca_ES","og:site_name":"ESTUDIO DE ARQUITECTURA MU\u00d1OZ Y ARANDA - Arquitectura Mallorca","og:type":"article","og:title":"MU\u00d1OZ Y ARANDA - ESTUDIO DE ARQUITECTURA MU\u00d1OZ Y ARANDA","og:description":"Som un estudi d'arquitectura amb gran experi\u00e8ncia. Estem ubicats a Palma de Mallorca des de l'any 2008. Es tracta d'un estudi d'arquitectura familiar amb dues generacions al seu front. Aportem l'experi\u00e8ncia de m\u00e9s de 30 anys al sector, a m\u00e9s que ens adaptem a les noves innovacions i necessitats de l'arquitectura actual.","og:url":"https:\/\/arquimunozyaranda.com\/ca\/","article:published_time":"2021-11-14T01:36:36+00:00","article:modified_time":"2021-11-14T01:36:36+00:00","twitter:card":"summary_large_image","twitter:title":"MU\u00d1OZ Y ARANDA - ESTUDIO DE ARQUITECTURA MU\u00d1OZ Y ARANDA","twitter:description":"Som un estudi d'arquitectura amb gran experi\u00e8ncia. Estem ubicats a Palma de Mallorca des de l'any 2008. Es tracta d'un estudi d'arquitectura familiar amb dues generacions al seu front. Aportem l'experi\u00e8ncia de m\u00e9s de 30 anys al sector, a m\u00e9s que ens adaptem a les noves innovacions i necessitats de l'arquitectura actual."},"aioseo_meta_data":{"post_id":"1559","title":null,"description":"Som un estudi d'arquitectura amb gran experi\u00e8ncia. Estem ubicats a Palma de Mallorca des de l'any 2008. Es tracta d'un estudi d'arquitectura familiar amb dues generacions al seu front. Aportem l'experi\u00e8ncia de m\u00e9s de 30 anys al sector, a m\u00e9s que ens adaptem a les noves innovacions i necessitats de l'arquitectura actual.","keywords":null,"keyphrases":null,"primary_term":null,"canonical_url":null,"og_title":null,"og_description":null,"og_object_type":"default","og_image_type":"default","og_image_url":null,"og_image_width":null,"og_image_height":null,"og_image_custom_url":null,"og_image_custom_fields":null,"og_video":"","og_custom_url":null,"og_article_section":null,"og_article_tags":null,"twitter_use_og":false,"twitter_card":"default","twitter_image_type":"default","twitter_image_url":null,"twitter_image_custom_url":null,"twitter_image_custom_fields":null,"twitter_title":null,"twitter_description":null,"schema":{"blockGraphs":[],"customGraphs":[],"default":{"data":{"Article":[],"Course":[],"Dataset":[],"FAQPage":[],"Movie":[],"Person":[],"Product":[],"ProductReview":[],"Car":[],"Recipe":[],"Service":[],"SoftwareApplication":[],"WebPage":[]},"graphName":"","isEnabled":true},"graphs":[]},"schema_type":"default","schema_type_options":null,"pillar_content":false,"robots_default":true,"robots_noindex":false,"robots_noarchive":false,"robots_nosnippet":false,"robots_nofollow":false,"robots_noimageindex":false,"robots_noodp":false,"robots_notranslate":false,"robots_max_snippet":"-1","robots_max_videopreview":"-1","robots_max_imagepreview":"large","priority":null,"frequency":"default","local_seo":null,"breadcrumb_settings":null,"limit_modified_date":false,"ai":null,"created":"2023-10-11 09:15:12","updated":"2025-06-06 03:20:36","seo_analyzer_scan_date":null,"focus_keyword":null,"additional_keywords":null,"truseo_locale":null},"aioseo_breadcrumb":"<div class=\"aioseo-breadcrumbs\"><span class=\"aioseo-breadcrumb\">\n\t\t\t<a href=\"https:\/\/arquimunozyaranda.com\/ca\/\" title=\"Inicio\">Inicio<\/a>\n\t\t<\/span><span class=\"aioseo-breadcrumb-separator\">&raquo;<\/span><span class=\"aioseo-breadcrumb\">\n\t\t\tMU\u00d1OZ Y ARANDA\n\t\t<\/span><\/div>","aioseo_breadcrumb_json":[{"label":"Inicio","link":"https:\/\/arquimunozyaranda.com\/ca\/"},{"label":"MU\u00d1OZ Y ARANDA","link":"https:\/\/arquimunozyaranda.com\/ca\/"}],"_links":{"self":[{"href":"https:\/\/arquimunozyaranda.com\/ca\/wp-json\/wp\/v2\/pages\/1559","targetHints":{"allow":["GET"]}}],"collection":[{"href":"https:\/\/arquimunozyaranda.com\/ca\/wp-json\/wp\/v2\/pages"}],"about":[{"href":"https:\/\/arquimunozyaranda.com\/ca\/wp-json\/wp\/v2\/types\/page"}],"author":[{"embeddable":true,"href":"https:\/\/arquimunozyaranda.com\/ca\/wp-json\/wp\/v2\/users\/1"}],"replies":[{"embeddable":true,"href":"https:\/\/arquimunozyaranda.com\/ca\/wp-json\/wp\/v2\/comments?post=1559"}],"version-history":[{"count":0,"href":"https:\/\/arquimunozyaranda.com\/ca\/wp-json\/wp\/v2\/pages\/1559\/revisions"}],"wp:attachment":[{"href":"https:\/\/arquimunozyaranda.com\/ca\/wp-json\/wp\/v2\/media?parent=1559"}],"curies":[{"name":"wp","href":"https:\/\/api.w.org\/{rel}","templated":true}]}}